{"id":14073,"date":"2025-02-06T08:42:34","date_gmt":"2025-02-06T07:42:34","guid":{"rendered":"https:\/\/flybypara.com\/politica-de-privacidad\/"},"modified":"2026-09-03T19:32:34","modified_gmt":"2026-09-03T17:32:34","slug":"politica-de-privacidad","status":"publish","type":"page","link":"https:\/\/flybypara.com\/es\/politica-de-privacidad\/","title":{"rendered":"Pol\u00edtica de Privacidad"},"content":{"rendered":"<p>[et_pb_section fb_built=\u00bb1&#8243; _builder_version=\u00bb4.27.4&#8243; _module_preset=\u00bbdefault\u00bb custom_padding=\u00bb0px||0px||false|false\u00bb animation_style=\u00bbfade\u00bb global_colors_info=\u00bb{}\u00bb][et_pb_row custom_padding_last_edited=\u00bbon|phone\u00bb _builder_version=\u00bb4.27.4&#8243; _module_preset=\u00bbdefault\u00bb width_tablet=\u00bb90%\u00bb width_phone=\u00bb90%\u00bb width_last_edited=\u00bbon|tablet\u00bb custom_padding=\u00bb||||false|false\u00bb custom_padding_tablet=\u00bb20px||||false|false\u00bb custom_padding_phone=\u00bb20px||||false|false\u00bb global_colors_info=\u00bb{}\u00bb][et_pb_column type=\u00bb4_4&#8243; _builder_version=\u00bb4.27.4&#8243; _module_preset=\u00bbdefault\u00bb global_colors_info=\u00bb{}\u00bb][et_pb_text _builder_version=\u00bb4.27.4&#8243; _dynamic_attributes=\u00bbcontent\u00bb _module_preset=\u00bbdefault\u00bb header_font=\u00bbMarcellus||||||||\u00bb header_font_size=\u00bb45px\u00bb header_line_height=\u00bb1.2em\u00bb header_2_font=\u00bbMarcellus||||||||\u00bb header_2_font_size=\u00bb35px\u00bb header_2_line_height=\u00bb1.2em\u00bb header_3_font_size=\u00bb28px\u00bb header_3_line_height=\u00bb1.2em\u00bb header_4_font=\u00bb|||on|||||\u00bb header_4_font_size=\u00bb20px\u00bb header_4_line_height=\u00bb1.2em\u00bb text_orientation=\u00bbcenter\u00bb custom_margin=\u00bb||0px||false|false\u00bb text_font_size_phone=\u00bb18px\u00bb text_font_size_last_edited=\u00bboff|desktop\u00bb header_font_size_tablet=\u00bb33px\u00bb header_font_size_phone=\u00bb26px\u00bb header_font_size_last_edited=\u00bbon|phone\u00bb header_2_font_size_tablet=\u00bb28px\u00bb header_2_font_size_phone=\u00bb23px\u00bb header_2_font_size_last_edited=\u00bbon|phone\u00bb header_3_font_size_tablet=\u00bb25px\u00bb header_3_font_size_phone=\u00bb20px\u00bb header_3_font_size_last_edited=\u00bbon|phone\u00bb header_4_font_size_tablet=\u00bb\u00bb header_4_font_size_phone=\u00bb18px\u00bb header_4_font_size_last_edited=\u00bbon|phone\u00bb global_colors_info=\u00bb{}\u00bb]@ET-DC@eyJkeW5hbWljIjp0cnVlLCJjb250ZW50IjoicG9zdF90aXRsZSIsInNldHRpbmdzIjp7ImJlZm9yZSI6IjxoMT4iLCJhZnRlciI6IjwvaDE+IiwiZW5hYmxlX2h0bWwiOiJvZmYifX0=@[\/et_pb_text][dipi_breadcrumbs bc_items_alignment=\u00bbdipi-bc-center\u00bb bc_post_type=\u00bbpage\u00bb _builder_version=\u00bb4.27.7&#8243; _module_preset=\u00bbdefault\u00bb items_font=\u00bb|||on|||||\u00bb items_text_color=\u00bb#000000&#8243; items_font_size=\u00bb16px\u00bb active_text_color=\u00bb#000000&#8243; items_font_size_tablet=\u00bb16px\u00bb items_font_size_phone=\u00bb13px\u00bb items_font_size_last_edited=\u00bbon|phone\u00bb global_module=\u00bb1697&#8243; saved_tabs=\u00bball\u00bb global_colors_info=\u00bb{}\u00bb items_text_color__hover_enabled=\u00bbon|hover\u00bb items_text_color__hover=\u00bb#F0502B\u00bb][\/dipi_breadcrumbs][\/et_pb_column][\/et_pb_row][\/et_pb_section][et_pb_section fb_built=\u00bb1&#8243; custom_padding_last_edited=\u00bbon|phone\u00bb _builder_version=\u00bb4.27.4&#8243; _module_preset=\u00bbdefault\u00bb custom_padding=\u00bb0px||30px||false|false\u00bb custom_padding_tablet=\u00bb||20px||false|false\u00bb custom_padding_phone=\u00bb||20px||false|false\u00bb global_colors_info=\u00bb{}\u00bb][et_pb_row _builder_version=\u00bb4.27.4&#8243; _module_preset=\u00bbdefault\u00bb width_tablet=\u00bb90%\u00bb width_phone=\u00bb90%\u00bb width_last_edited=\u00bbon|tablet\u00bb custom_padding=\u00bb0px||||false|false\u00bb global_colors_info=\u00bb{}\u00bb][et_pb_column type=\u00bb4_4&#8243; _builder_version=\u00bb4.27.4&#8243; _module_preset=\u00bbdefault\u00bb global_colors_info=\u00bb{}\u00bb][et_pb_text admin_label=\u00bbText\u00bb _builder_version=\u00bb4.27.7&#8243; _module_preset=\u00bbdefault\u00bb text_font=\u00bbMarcellus||||||||\u00bb text_text_color=\u00bb#000000&#8243; text_font_size=\u00bb18px\u00bb header_font=\u00bbMarcellus||||||||\u00bb header_font_size=\u00bb45px\u00bb header_line_height=\u00bb1.2em\u00bb header_2_font_size=\u00bb35px\u00bb header_2_line_height=\u00bb1.2em\u00bb header_3_font_size=\u00bb28px\u00bb header_3_line_height=\u00bb1.2em\u00bb header_4_font=\u00bb|||on|||||\u00bb header_4_font_size=\u00bb20px\u00bb header_4_line_height=\u00bb1.2em\u00bb text_font_size_phone=\u00bb18px\u00bb text_font_size_last_edited=\u00bboff|desktop\u00bb header_font_size_tablet=\u00bb33px\u00bb header_font_size_phone=\u00bb26px\u00bb header_font_size_last_edited=\u00bbon|phone\u00bb header_2_font_size_tablet=\u00bb28px\u00bb header_2_font_size_phone=\u00bb23px\u00bb header_2_font_size_last_edited=\u00bbon|phone\u00bb header_3_font_size_tablet=\u00bb25px\u00bb header_3_font_size_phone=\u00bb20px\u00bb header_3_font_size_last_edited=\u00bbon|phone\u00bb header_4_font_size_tablet=\u00bb\u00bb header_4_font_size_phone=\u00bb18px\u00bb header_4_font_size_last_edited=\u00bbon|phone\u00bb global_colors_info=\u00bb{}\u00bb]<\/p>\n<h2>Responsabilidad<\/h2>\n<p>Aunque Julio Rivera Armijos, FLYBYPARA, se esfuerza por garantizar la correcci\u00f3n de la informaci\u00f3n publicada, no se puede dar ninguna garant\u00eda con respecto a la correcci\u00f3n, precisi\u00f3n, actualidad, fiabilidad y exhaustividad de esta informaci\u00f3n. FLYBYPARA se reserva expresamente el derecho de cambiar, eliminar o no publicar temporalmente contenido total o parcialmente en cualquier momento y sin previo aviso. <\/p>\n<p>Las reclamaciones de responsabilidad contra FLYBYPARA por da\u00f1os materiales o inmateriales resultantes del acceso, uso o no uso de la informaci\u00f3n publicada, del uso indebido de la conexi\u00f3n o de fallos t\u00e9cnicos est\u00e1n excluidas.<\/p>\n<p>&nbsp;<\/p>\n<h2>Referencias y Enlaces<\/h2>\n<p>Las referencias y enlaces a sitios web de terceros est\u00e1n fuera del \u00e1mbito de responsabilidad de FLYBYPARA. El acceso y uso de dichos sitios web es bajo el propio riesgo del usuario. FLYBYPARA declara expresamente que no tiene ninguna influencia en el dise\u00f1o, contenido y ofertas de las p\u00e1ginas enlazadas. La informaci\u00f3n y los servicios de los sitios web vinculados son de la exclusiva responsabilidad del respectivo tercero. Rechaz\u00f3 cualquier responsabilidad por dichos sitios web.    <\/p>\n<p>&nbsp;<\/p>\n<h2>Derechos de autor<\/h2>\n<p>FLYBYPARA, Julio Rivera Armijos, Zermatt<\/p>\n<p>La informaci\u00f3n contenida en el sitio web de FLYBYPARA est\u00e1 disponible para el p\u00fablico. Descargar o copiar contenido, im\u00e1genes, fotos u otros archivos no transfiere ning\u00fan derecho sobre el contenido. <\/p>\n<p>Los derechos de autor y todos los dem\u00e1s derechos sobre el contenido, im\u00e1genes, fotos u otros archivos en el sitio web de FLYBYPARA pertenecen exclusivamente a esta empresa o a los titulares de derechos espec\u00edficamente nombrados. Se debe obtener el consentimiento por escrito del titular de los derechos de autor con antelaci\u00f3n para la reproducci\u00f3n de cualquier elemento. <\/p>\n<p>&nbsp;<\/p>\n<p>[\/et_pb_text][et_pb_divider color=\u00bb#BABABA\u00bb divider_style=\u00bbdashed\u00bb _builder_version=\u00bb4.27.4&#8243; _module_preset=\u00bbdefault\u00bb global_colors_info=\u00bb{}\u00bb][\/et_pb_divider][et_pb_text _builder_version=\u00bb4.27.7&#8243; _module_preset=\u00bbdefault\u00bb text_font=\u00bbMarcellus||||||||\u00bb text_text_color=\u00bb#000000&#8243; text_font_size=\u00bb18px\u00bb header_font=\u00bbMarcellus||||||||\u00bb header_font_size=\u00bb45px\u00bb header_line_height=\u00bb1.2em\u00bb header_2_font_size=\u00bb35px\u00bb header_2_line_height=\u00bb1.2em\u00bb header_3_font_size=\u00bb28px\u00bb header_3_line_height=\u00bb1.2em\u00bb header_4_font=\u00bb|||on|||||\u00bb header_4_font_size=\u00bb20px\u00bb header_4_line_height=\u00bb1.2em\u00bb text_font_size_phone=\u00bb18px\u00bb text_font_size_last_edited=\u00bboff|desktop\u00bb header_font_size_tablet=\u00bb33px\u00bb header_font_size_phone=\u00bb28px\u00bb header_font_size_last_edited=\u00bbon|phone\u00bb header_2_font_size_tablet=\u00bb28px\u00bb header_2_font_size_phone=\u00bb23px\u00bb header_2_font_size_last_edited=\u00bbon|phone\u00bb header_3_font_size_tablet=\u00bb25px\u00bb header_3_font_size_phone=\u00bb20px\u00bb header_3_font_size_last_edited=\u00bbon|phone\u00bb header_4_font_size_tablet=\u00bb\u00bb header_4_font_size_phone=\u00bb18px\u00bb header_4_font_size_last_edited=\u00bbon|phone\u00bb global_colors_info=\u00bb{}\u00bb]<\/p>\n<h2>Introducci\u00f3n<\/h2>\n<p>Esta Pol\u00edtica de Privacidad explica nuestras pr\u00e1cticas con respecto a la recopilaci\u00f3n, uso y divulgaci\u00f3n de su informaci\u00f3n a trav\u00e9s del uso de nuestros activos digitales (servicios web) cuando accede a estos servicios a trav\u00e9s de Internet y sus dispositivos.<\/p>\n<p>Por favor, lea detenidamente la Pol\u00edtica de Privacidad y aseg\u00farese de entender nuestras pr\u00e1cticas con respecto a su informaci\u00f3n antes de utilizar nuestros Servicios. Si ha le\u00eddo esta pol\u00edtica y no est\u00e1 de acuerdo con nuestras pr\u00e1cticas, debe dejar de usar nuestros activos y servicios digitales. Al utilizar nuestros servicios, aceptas los t\u00e9rminos de esta Pol\u00edtica de Privacidad.  <\/p>\n<p>Esta pol\u00edtica de privacidad est\u00e1 dise\u00f1ada para cumplir con los requisitos de la Ley Suiza de Protecci\u00f3n de Datos (\u00abDSG\u00bb) y la Ley Suiza de Protecci\u00f3n de Datos revisada (\u00abrevDSG\u00bb) y se basa en plantillas de textos legales de WIX.com y \u00abDSAT.ch\u00bb. No es una descripci\u00f3n exhaustiva. Este sitio web fue creado en la plataforma de WIX.com. El uso del sitio web est\u00e1, por lo tanto, sujeto a sus directrices de protecci\u00f3n de datos y t\u00e9rminos de uso.   <\/p>\n<p>&nbsp;<\/p>\n<h2>En esta pol\u00edtica de privacidad aprender\u00e1s:<\/h2>\n<ol>\n<li>La persona responsable con nosotros del procesamiento de datos.<\/li>\n<li>Qu\u00e9 datos recopilamos y procesamos<\/li>\n<li>Los prop\u00f3sitos del procesamiento de datos y la base legal<\/li>\n<li>Obligaci\u00f3n de proporcionar datos personales<\/li>\n<li>Cu\u00e1nto tiempo se conservan los datos personales<\/li>\n<li>Seguridad de datos<\/li>\n<li>Derechos del interesado<\/li>\n<li>Actualizaciones o enmiendas a la Pol\u00edtica de Protecci\u00f3n de Datos<\/li>\n<\/ol>\n<p>&nbsp;<\/p>\n<h2>1. Persona responsable del tratamiento de datos<\/h2>\n<p>La persona responsable del tratamiento de datos que describimos aqu\u00ed es Julio Rivera Armijos. Si tiene alguna preocupaci\u00f3n sobre la protecci\u00f3n de datos, puede envi\u00e1rnosla a la siguiente direcci\u00f3n de contacto. <\/p>\n<p><strong>FLYBYPARA<\/strong> es una marca de TipTopTours GmbH,<\/p>\n<p>UID: CHE-290.771.259,<\/p>\n<p>Bahnhofplatz 7, 3920 Zermatt, Switzerland.<\/p>\n<p><a href=\"mailto:fly@flybypara.com\">fly@flybypara.com<\/a><\/p>\n<p>&nbsp;<\/p>\n<h2>2. Qu\u00e9 datos recopilamos y procesamos<\/h2>\n<p>A continuaci\u00f3n se presenta un resumen de los datos que podemos recopilar:<\/p>\n<p>Informaci\u00f3n no identificada y no identificable que usted proporciona durante el proceso de registro o que se recopila a trav\u00e9s del uso de nuestros servicios (\u00abDatos No Personales\u00bb). La Informaci\u00f3n No Personal no identifica de qui\u00e9n fue recopilada. La Informaci\u00f3n No Personal que recopilamos consiste principalmente en informaci\u00f3n t\u00e9cnica y de uso agregado.  <\/p>\n<p>Informaci\u00f3n individualmente identificable, que es cualquier informaci\u00f3n que puede ser utilizada para identificarte o que podr\u00eda ser utilizada para identificarte con un esfuerzo razonable (\u00abdatos personales\u00bb). La informaci\u00f3n de identificaci\u00f3n personal que recopilamos a trav\u00e9s de nuestros Servicios incluye informaci\u00f3n enviada voluntariamente, como nombres, direcciones de correo electr\u00f3nico, direcciones, n\u00fameros de tel\u00e9fono y m\u00e1s. Cuando combinamos datos personales con datos no personales, los trataremos como datos personales siempre que est\u00e9n en combinaci\u00f3n.  <\/p>\n<p>Recopilamos datos en relaci\u00f3n con el uso del sitio web cuando es necesario (por ejemplo, direcci\u00f3n IP, direcci\u00f3n MAC del tel\u00e9fono inteligente o computadora, detalles de su dispositivo y configuraciones, cookies, fecha y hora de la visita, p\u00e1ginas y contenido accedido, funciones utilizadas, sitio web de referencia, detalles de ubicaci\u00f3n).<\/p>\n<p>Principalmente procesamos datos personales que recopilamos en el curso de nuestras actividades comerciales y el funcionamiento de nuestros sitios web y aplicaciones, o que nos son comunicados y transmitidos por los propios usuarios. Todos los datos personales que nos proporcionen voluntariamente se tratan de manera confidencial y no se venden a terceros. Podemos compartir sus datos con nuestros proveedores de servicios para operar nuestros servicios (por ejemplo, almacenamiento de datos a trav\u00e9s de servicios de alojamiento de terceros, aspectos relacionados con la seguridad para investigar actividades ilegales u otras conductas indebidas, provisi\u00f3n de soporte t\u00e9cnico, etc.).  <\/p>\n<p>&nbsp;<\/p>\n<h2>3. Prop\u00f3sitos del procesamiento de datos y base legal<\/h2>\n<p>Utilizamos los datos personales que recopilamos principalmente para cumplir con las obligaciones con nuestros clientes en el curso de nuestro negocio.<\/p>\n<p>Adem\u00e1s, tambi\u00e9n procesamos datos personales, en la medida en que esto est\u00e9 permitido y nos parezca apropiado, para los siguientes fines:<\/p>\n<ul>\n<li>Ofrecer y seguir desarrollando nuestras ofertas, servicios y sitios web, aplicaciones y otras plataformas en las que estamos presentes;<\/li>\n<li>Comunicarse con terceros y procesar sus consultas (por ejemplo, solicitudes, consultas de medios);<\/li>\n<li>Probando y optimizando procedimientos para el an\u00e1lisis de necesidades con el prop\u00f3sito de dirigirse directamente a los clientes;<\/li>\n<li>publicidad y marketing (incluida la organizaci\u00f3n de eventos), siempre que no hayas<\/li>\n<li>(si le enviamos publicidad como cliente existente, puede oponerse a esto en cualquier momento);<\/li>\n<li>Investigaci\u00f3n de mercado y opini\u00f3n, monitoreo de medios;<\/li>\n<li>Afirmaci\u00f3n de reclamaciones legales y defensa en relaci\u00f3n con disputas legales y procedimientos oficiales;<\/li>\n<li>Prevenci\u00f3n e investigaci\u00f3n de delitos y otras conductas indebidas (por ejemplo, realizaci\u00f3n de investigaciones internas, an\u00e1lisis de datos para combatir el fraude);<\/li>\n<li>Asegurando nuestras operaciones, en particular TI, nuestros sitios web, aplicaciones y otras plataformas;<\/li>\n<\/ul>\n<p>&nbsp;<\/p>\n<p>En la medida en que nos haya dado su consentimiento para procesar sus datos personales con ciertos fines (por ejemplo, cuando se registra para recibir boletines, utiliza nuestro formulario de contacto, etc.), procesamos sus datos personales dentro del alcance y con base en este consentimiento, siempre que no tengamos otra base legal y necesitemos dicha base. El consentimiento dado puede ser revocado en cualquier momento, pero esto no afecta al procesamiento de datos que ya se ha realizado. <\/p>\n<p><strong>Sitio web con un blog o foro<\/strong><\/p>\n<p>Tenga en cuenta que nuestros servicios permiten la interacci\u00f3n social (por ejemplo, publicar contenido, informaci\u00f3n y comentarios p\u00fablicamente y chatear con otros usuarios). Tenga en cuenta que cualquier contenido o dato que proporcione en estas \u00e1reas puede ser le\u00eddo, recopilado y utilizado por otros. Desalentamos la publicaci\u00f3n o el intercambio de informaci\u00f3n que no desee hacer p\u00fablica. Si subes contenido a nuestros activos digitales o de alguna otra manera lo pones a disposici\u00f3n como parte del uso de un servicio, lo haces bajo tu propio riesgo. No podemos controlar las acciones de otros usuarios o miembros del p\u00fablico con acceso a sus datos o contenido. Usted reconoce y confirma que las copias de sus datos pueden seguir siendo recuperables incluso despu\u00e9s de haber sido eliminadas de las p\u00e1ginas en cach\u00e9 y archivadas o despu\u00e9s de que un tercero haya hecho una copia\/almacenado su contenido.     <\/p>\n<p><strong>Cookies y tecnolog\u00edas similares<\/strong><\/p>\n<p>Cuando visitas o accedes a nuestros Servicios, autorizamos a terceros a utilizar balizas web, cookies, etiquetas de p\u00edxeles, scripts y otras tecnolog\u00edas y servicios de an\u00e1lisis (\u00abTecnolog\u00edas de Seguimiento\u00bb). Estas Tecnolog\u00edas de Seguimiento pueden permitir a terceros recopilar autom\u00e1ticamente su informaci\u00f3n para mejorar la experiencia de navegaci\u00f3n en nuestros Activos Digitales, optimizar su rendimiento y proporcionar una experiencia de usuario personalizada, as\u00ed como para fines de seguridad y prevenci\u00f3n de fraudes. <\/p>\n<p>&nbsp;<\/p>\n<h2>4. Obligaci\u00f3n de proporcionar datos personales<\/h2>\n<p>Como parte de nuestra relaci\u00f3n comercial, debe proporcionar los datos personales necesarios para el establecimiento y desempe\u00f1o de una relaci\u00f3n comercial y el cumplimiento de las obligaciones contractuales relacionadas (generalmente no tiene una obligaci\u00f3n legal de proporcionarnos datos). Sin estos datos, en general no podremos celebrar ni ejecutar un contrato con usted (o la entidad o persona que usted represente). Adem\u00e1s, el sitio web no se puede utilizar si no se divulga cierta informaci\u00f3n de seguridad del tr\u00e1fico (como la direcci\u00f3n IP).  <\/p>\n<p>&nbsp;<\/p>\n<h2>5. Duraci\u00f3n del almacenamiento de datos personales<\/h2>\n<p>Procesamos y almacenamos sus datos personales durante el tiempo que sea necesario para el cumplimiento de nuestras obligaciones contractuales y legales o, de otro modo, para los fines perseguidos con el procesamiento, es decir, por ejemplo, durante toda la duraci\u00f3n de la relaci\u00f3n comercial (desde la iniciaci\u00f3n, procesamiento hasta la terminaci\u00f3n de un contrato) as\u00ed como m\u00e1s all\u00e1 de eso de acuerdo con las obligaciones legales de almacenamiento y documentaci\u00f3n. En este contexto, es posible que los datos personales se conserven durante el tiempo en que se puedan hacer valer reclamaciones contra nuestra empresa y en la medida en que estemos legalmente obligados a hacerlo o los intereses comerciales leg\u00edtimos lo requieran (por ejemplo, con fines de prueba y documentaci\u00f3n). <\/p>\n<p>Tan pronto como sus datos personales ya no sean necesarios para los fines mencionados anteriormente, se eliminar\u00e1n o anonimizar\u00e1n como regla general y en la medida de lo posible. Para los datos operativos (por ejemplo, protocolos del sistema, registros), generalmente se aplican per\u00edodos de retenci\u00f3n m\u00e1s cortos de doce meses o menos. <\/p>\n<p>&nbsp;<\/p>\n<h2>6. Seguridad de datos<\/h2>\n<p>Tomamos las precauciones de seguridad t\u00e9cnicas y organizativas adecuadas para proteger sus datos personales contra el acceso no autorizado y el uso indebido, tales como la emisi\u00f3n de instrucciones, la formaci\u00f3n, las soluciones de seguridad de TI y de red, los controles de acceso y las restricciones de acceso, la encriptaci\u00f3n de soportes de datos y transmisiones, y los controles.<\/p>\n<p>&nbsp;<\/p>\n<h2>7. Derechos del interesado<\/h2>\n<p>Tienes derecho a la informaci\u00f3n, correcci\u00f3n, eliminaci\u00f3n, el derecho a restringir el procesamiento de datos y, de otro modo, a oponerte a nuestro procesamiento de datos, en particular con fines de marketing directo, dentro del marco de la ley de protecci\u00f3n de datos aplicable a ti y en la medida prevista en la misma.<\/p>\n<p>Tenga en cuenta, sin embargo, que nos reservamos el derecho de hacer cumplir las restricciones previstas por la ley, por ejemplo, si estamos obligados a retener o procesar ciertos datos, tenemos un inter\u00e9s superior en hacerlo (en la medida en que tengamos derecho a basarnos en esto) o lo requerimos para la afirmaci\u00f3n de reclamaciones. Si incurres en costos, te informaremos con antelaci\u00f3n. Ya le hemos informado sobre la posibilidad de revocar su consentimiento en la secci\u00f3n 3. Tenga en cuenta que el ejercicio de estos derechos puede entrar en conflicto con los acuerdos contractuales y puede tener consecuencias como la terminaci\u00f3n anticipada del contrato o costos. Le informaremos con antelaci\u00f3n si esto no est\u00e1 ya acordado contractualmente.    <\/p>\n<p>El ejercicio de tales derechos generalmente requiere que demuestre claramente su identidad (por ejemplo, mediante una copia de su documento de identidad cuando su identidad no est\u00e9 clara o no pueda ser verificada). Para ejercer sus derechos, puede contactarnos en la direcci\u00f3n indicada en la secci\u00f3n 1. <\/p>\n<p>Cada persona afectada tambi\u00e9n tiene el derecho de hacer valer sus reclamaciones ante un tribunal o presentar una queja ante la autoridad competente de protecci\u00f3n de datos. La autoridad competente en materia de protecci\u00f3n de datos en Suiza es el Comisionado Federal de Protecci\u00f3n de Datos e Informaci\u00f3n (http:\/\/www.edoeb.admin.ch). <\/p>\n<p>&nbsp;<\/p>\n<h2>8. Actualizaciones o cambios en la pol\u00edtica de privacidad<\/h2>\n<p>Podemos modificar esta pol\u00edtica de privacidad en cualquier momento sin previo aviso. La versi\u00f3n actual publicada en nuestro sitio web ser\u00e1 la que se aplique. En la medida en que la pol\u00edtica de privacidad forme parte de un acuerdo con usted, en caso de una actualizaci\u00f3n le informaremos del cambio por correo electr\u00f3nico u otros medios apropiados.  <\/p>\n<p>&nbsp;<\/p>\n<p><strong>Aviso Importante:<\/strong><\/p>\n<p>Tenga en cuenta que esta pol\u00edtica de privacidad ha sido traducida autom\u00e1ticamente del alem\u00e1n al ingl\u00e9s. En caso de duda o ambig\u00fcedad, prevalecer\u00e1 la versi\u00f3n en alem\u00e1n. <\/p>\n<p>&nbsp;<\/p>\n<p>[\/et_pb_text][\/et_pb_column][\/et_pb_row][\/et_pb_section]<\/p>\n","protected":false},"excerpt":{"rendered":"<p><div class=\"et_pb_module dipi_breadcrumbs dipi_breadcrumbs_0\">\n\t\t\t\t\n\t\t\t\t\n\t\t\t\t\n\t\t\t\t\n\t\t\t\t\n\t\t\t\t\n\t\t\t\t<div class=\"et_pb_module_inner\">\n\t\t\t\t\t<div class=\"dipi-breadcrumbs dipi-bc-center\">\n                <ul >\n                    \n                                                        <li  class=\"dipi-breadcrumb-item dipi-breadcrumb-home\">\n\n                                                    <a  href=\"https:\/\/flybypara.com\/es\/\">\n                                <span  content=\"Home\">\n                                                                        FLYBYPARA                                <\/span>\n                            <\/a>\n\n                                                <meta itemprop=\"position\" content=\"1\"\/>                    <\/li>\n\n                    <li class=\"dipi-breadcrumb-separator\">\n                    <span class=\"et-pb-icon dipi-separator-icon\">$<\/span>\n                <\/li>                            \n                <\/ul>\n            <\/div>\n\t\t\t\t<\/div>\n\t\t\t<\/div>Responsabilidad Aunque Julio Rivera Armijos, FLYBYPARA, se esfuerza por garantizar la correcci\u00f3n de la informaci\u00f3n publicada, no se puede dar ninguna garant\u00eda con respecto a la correcci\u00f3n, precisi\u00f3n, actualidad, fiabilidad y exhaustividad de esta informaci\u00f3n. FLYBYPARA se reserva expresamente [&hellip;]<\/p>\n","protected":false},"author":4,"featured_media":0,"parent":0,"menu_order":0,"comment_status":"closed","ping_status":"closed","template":"","meta":{"_seopress_titles_title":"","_seopress_titles_desc":"","_seopress_robots_index":"","_seopress_robots_follow":"","_seopress_robots_imageindex":"","_seopress_robots_snippet":"","_seopress_robots_primary_cat":"","_seopress_robots_breadcrumbs":"","_seopress_robots_freeze_modified_date":"","_seopress_robots_custom_modified_date":"","_seopress_robots_canonical":"","_seopress_social_fb_title":"","_seopress_social_fb_desc":"","_seopress_social_fb_img":"","_seopress_social_fb_img_attachment_id":0,"_seopress_social_fb_img_width":0,"_seopress_social_fb_img_height":0,"_seopress_social_twitter_title":"","_seopress_social_twitter_desc":"","_seopress_social_twitter_img":"","_seopress_social_twitter_img_attachment_id":0,"_seopress_social_twitter_img_width":0,"_seopress_social_twitter_img_height":0,"_seopress_redirections_value":"","_seopress_redirections_enabled":"","_seopress_redirections_enabled_regex":"","_seopress_redirections_logged_status":"both","_seopress_redirections_param":"","_seopress_redirections_type":301,"_seopress_analysis_target_kw":"","_et_pb_use_builder":"on","_et_pb_old_content":"","_et_gb_content_width":"","footnotes":""},"dipi_cpt_category":[],"class_list":["post-14073","page","type-page","status-publish"],"_links":{"self":[{"href":"https:\/\/flybypara.com\/es\/wp-json\/wp\/v2\/pages\/14073","targetHints":{"allow":["GET"]}}],"collection":[{"href":"https:\/\/flybypara.com\/es\/wp-json\/wp\/v2\/pages"}],"about":[{"href":"https:\/\/flybypara.com\/es\/wp-json\/wp\/v2\/types\/page"}],"author":[{"embeddable":true,"href":"https:\/\/flybypara.com\/es\/wp-json\/wp\/v2\/users\/4"}],"replies":[{"embeddable":true,"href":"https:\/\/flybypara.com\/es\/wp-json\/wp\/v2\/comments?post=14073"}],"version-history":[{"count":2,"href":"https:\/\/flybypara.com\/es\/wp-json\/wp\/v2\/pages\/14073\/revisions"}],"predecessor-version":[{"id":14075,"href":"https:\/\/flybypara.com\/es\/wp-json\/wp\/v2\/pages\/14073\/revisions\/14075"}],"wp:attachment":[{"href":"https:\/\/flybypara.com\/es\/wp-json\/wp\/v2\/media?parent=14073"}],"wp:term":[{"taxonomy":"dipi_cpt_category","embeddable":true,"href":"https:\/\/flybypara.com\/es\/wp-json\/wp\/v2\/dipi_cpt_category?post=14073"}],"curies":[{"name":"wp","href":"https:\/\/api.w.org\/{rel}","templated":true}]}}